{"id":8893,"date":"2023-04-05T16:09:43","date_gmt":"2023-04-05T13:09:43","guid":{"rendered":"https:\/\/iarivo-univ.info\/?post_type=formation&#038;p=8893"},"modified":"2025-01-30T19:24:40","modified_gmt":"2025-01-30T16:24:40","slug":"education-et-formation","status":"publish","type":"formation","link":"https:\/\/iarivo-univ.info\/ar\/formation\/education-et-formation\/","title":{"rendered":"Master en Education et Formation"},"content":{"rendered":"<h4><strong>OBJECTIFS DE LA FORMATION<\/strong><\/h4>\n<p>Le Master &#8220;<strong> Education et Formation&#8221;<\/strong> de l&#8217;<a href=\"https:\/\/iarivo-univ.info\/\">Universit\u00e9 Ouest d&#8217;Iarivo<\/a> vise la formation et la professionnalisation des \u00e9tudiants dans les domaines et les m\u00e9tiers de l\u2019\u00e9ducation et de l\u2019enseignement (formateurs, formateurs de formateurs, cadres de l\u2019\u00c9ducation Nationale, chefs d\u2019\u00e9tablissement et m\u00e9tiers de l\u2019accompagnement et de la vie scolaire), de la formation des adultes, du travail social et de la sant\u00e9.<\/p>\n<p>L\u2019ann\u00e9e de Master 1 est une ann\u00e9e d\u2019orientation dans le sens o\u00f9 les \u00e9tudiants peuvent appr\u00e9hender les diff\u00e9rents parcours en vue de se d\u00e9terminer pour le Master 2.<\/p>\n<h4><strong>COMPETENCES VISEES<\/strong><\/h4>\n<ul>\n<li>D\u00e9crire et comprendre la complexit\u00e9 des situations d\u2019\u00e9ducation, d\u2019enseignement et d\u2019apprentissage ainsi que le travail des professionnels mobilisant les cadres conceptuels disciplinaires des sciences de l\u2019\u00e9ducation.<\/li>\n<li>Comprendre les champs d\u2019activit\u00e9 professionnels vis\u00e9s, leur r\u00e9alit\u00e9 \u00e9conomique et sociale, leur histoire et leurs publics, leurs enjeux actuels.<\/li>\n<li>D\u00e9velopper les capacit\u00e9s d\u2019analyse des situations \u00e9ducatives n\u00e9cessaires \u00e0 la compr\u00e9hension des savoirs scientifiques et technologiques au regard des champs d\u2019activit\u00e9 professionnels, leur r\u00e9alit\u00e9 \u00e9conomique et sociale, leur histoire, leurs publics, leurs enjeux actuels et questionner selon les contextes.<\/li>\n<li>Probl\u00e9matiser une d\u00e9marche scientifique dans le champ des sciences de l\u2019\u00e9ducation et de la formation n\u00e9cessaire pour la lecture des ouvrages scientifiques ainsi que pour formuler une question, un objet de recherche, une hypoth\u00e8se pour l\u2019\u00e9criture d\u2019un m\u00e9moire de recherche ou d\u2019un m\u00e9moire professionnel.<\/li>\n<li>Communiquer sur des sujets complexes relatifs \u00e0 l\u2019\u00e9ducation et \u00e0 la formation \u00e0 l\u2019international et collaborer en \u00e9quipe et en r\u00e9seau avec diff\u00e9rents acteurs professionnels et scientifiques, questionner les usages selon les contextes.<\/li>\n<li>L\u2019enseignement d\u2019une langue vivante (anglais ou autre langue) porte sur les enjeux de p\u00e9dagogie diff\u00e9renci\u00e9e au regard de la diversit\u00e9 du public.<\/li>\n<li>Adopter une posture \u00e9thique professionnelle : concevoir, piloter, mettre en oeuvre un projet d\u2019\u00e9ducation et de formation. La r\u00e9alisation d\u2019un projet est l\u2019occasion de d\u00e9velopper des capacit\u00e9s d\u2019analyse et de synth\u00e8se pour l\u2019acquisition d\u2019une m\u00e9thode de travail permettant \u00e0 l\u2019\u00e9tudiant d\u2019\u00e9laborer progressivement son projet professionnel en lien avec son projet de formation<\/li>\n<\/ul>\n<h4><strong>ADMISIBILITE<\/strong><\/h4>\n<ul>\n<li>Titulaire d\u2019un dipl\u00f4me de Licence (Bachelor) ou d\u2019un titre certifi\u00e9 de BAC+3 en Sciences de l&#8217;Education, Sciences de la Soci\u00e9t\u00e9 pour s\u2019inscrire en Master I<\/li>\n<li>Titulaire d\u2019un dipl\u00f4me de Ma\u00eetrise (Master I) ou d\u2019un titre certifi\u00e9 de BAC+4 en Sciences de l&#8217;Education pour s\u2019inscrire en Master II<\/li>\n<\/ul>\n<h4><strong>VALIDATION DU PARCOURS<\/strong><\/h4>\n<p>La formation en Education et Formation permet d\u2019obtenir :<\/p>\n<ul>\n<li>Le dipl\u00f4me de Ma\u00eetrise professionnelle (BAC+4) en Sciences de l&#8217;Education &#8211; Parcours sp\u00e9cialisant Education et Formation<\/li>\n<li>Le dipl\u00f4me de Master professionnel (BAC+5) en Sciences de l&#8217;Education &#8211; Parcours sp\u00e9cialisant Education et Formation<\/li>\n<\/ul>\n<h4><strong>POURSUITE D\u2019\u00c9TUDES<\/strong><\/h4>\n<p>Pour les \u00e9tudiants ayant le d\u00e9sir de poursuivre leurs \u00e9tudes, nous recommandons :<\/p>\n<ul>\n<li>Formation de Doctorat professionnel en Sciences de l&#8217;Education<\/li>\n<\/ul>\n<!--themify_builder_content-->\n<div id=\"themify_builder_content-8893\" data-postid=\"8893\" class=\"themify_builder_content themify_builder_content-8893 themify_builder tf_clear\">\n    <\/div>\n<!--\/themify_builder_content--><div class=\"ptb-search-container\" style=\"display: none;\"><\/div>","protected":false},"excerpt":{"rendered":"<p>OBJECTIFS DE LA FORMATION Le Master &#8220; Education et Formation&#8221; de l&#8217;Universit\u00e9 Ouest d&#8217;Iarivo vise la formation et la professionnalisation des \u00e9tudiants dans les domaines et les m\u00e9tiers de l\u2019\u00e9ducation et de l\u2019enseignement (formateurs, formateurs de formateurs, cadres de l\u2019\u00c9ducation Nationale, chefs d\u2019\u00e9tablissement et m\u00e9tiers de l\u2019accompagnement et de la vie scolaire), de la formation [&hellip;]<\/p>\n","protected":false},"featured_media":8899,"menu_order":0,"template":"","domaine":[55,85],"yoast_head":"<!-- This site is optimized with the Yoast SEO Premium plugin v19.3 (Yoast SEO v19.7.2) - https:\/\/yoast.com\/wordpress\/plugins\/seo\/ -->\n<title>Master en Education et Formation - UIARIVO<\/title>\n<meta name=\"description\" content=\"Le Master &quot;\u00c9ducation et Formation&quot; de l&#039;Universit\u00e9 Ouest d&#039;Iarivo vise la formation et la professionnalisation des \u00e9tudiants ...\" \/>\n<meta name=\"robots\" content=\"index, follow, max-snippet:-1, max-image-preview:large, max-video-preview:-1\" \/>\n<link rel=\"canonical\" href=\"https:\/\/iarivo-univ.info\/ar\/formation\/education-et-formation\/\" \/>\n<meta property=\"og:locale\" content=\"ar_AR\" \/>\n<meta property=\"og:type\" content=\"article\" \/>\n<meta property=\"og:title\" content=\"Master en Education et Formation - UIARIVO\" \/>\n<meta property=\"og:description\" content=\"Le Master &quot;Parcours \u00c9ducation et Formation&quot; de l&#039;Universit\u00e9 Ouest d&#039;Iarivo vise la formation et la professionnalisation des \u00e9tudiants ...\" \/>\n<meta property=\"og:url\" content=\"https:\/\/iarivo-univ.info\/ar\/formation\/education-et-formation\/\" \/>\n<meta property=\"og:site_name\" content=\"Universit\u00e9 Ouest d&#039;Iarivo\" \/>\n<meta property=\"article:publisher\" content=\"https:\/\/www.facebook.com\/univ.uoi\" \/>\n<meta property=\"article:modified_time\" content=\"2025-01-30T16:24:40+00:00\" \/>\n<meta property=\"og:image\" content=\"https:\/\/iarivo-univ.info\/wp-content\/uploads\/2023\/04\/Education-et-formation.jpeg\" \/>\n\t<meta property=\"og:image:width\" content=\"940\" \/>\n\t<meta property=\"og:image:height\" content=\"788\" \/>\n\t<meta property=\"og:image:type\" content=\"image\/jpeg\" \/>\n<meta name=\"twitter:card\" content=\"summary_large_image\" \/>\n<meta name=\"twitter:title\" content=\"Master en Education et Formation - UIARIVO\" \/>\n<meta name=\"twitter:description\" content=\"Le Master &quot;Parcours \u00c9ducation et Formation&quot; de l&#039;Universit\u00e9 Ouest d&#039;Iarivo vise la formation et la professionnalisation des \u00e9tudiants ...\" \/>\n<script type=\"application\/ld+json\" class=\"yoast-schema-graph\">{\"@context\":\"https:\/\/schema.org\",\"@graph\":[{\"@type\":\"WebPage\",\"@id\":\"https:\/\/iarivo-univ.info\/ar\/formation\/education-et-formation\/\",\"url\":\"https:\/\/iarivo-univ.info\/ar\/formation\/education-et-formation\/\",\"name\":\"Master en Education et Formation - UIARIVO\",\"isPartOf\":{\"@id\":\"https:\/\/iarivo-univ.info\/ar\/#website\"},\"datePublished\":\"2023-04-05T13:09:43+00:00\",\"dateModified\":\"2025-01-30T16:24:40+00:00\",\"description\":\"Le Master \\\"\u00c9ducation et Formation\\\" de l'Universit\u00e9 Ouest d'Iarivo vise la formation et la professionnalisation des \u00e9tudiants ...\",\"breadcrumb\":{\"@id\":\"https:\/\/iarivo-univ.info\/ar\/formation\/education-et-formation\/#breadcrumb\"},\"inLanguage\":\"ar\",\"potentialAction\":[{\"@type\":\"ReadAction\",\"target\":[\"https:\/\/iarivo-univ.info\/ar\/formation\/education-et-formation\/\"]}]},{\"@type\":\"BreadcrumbList\",\"@id\":\"https:\/\/iarivo-univ.info\/ar\/formation\/education-et-formation\/#breadcrumb\",\"itemListElement\":[{\"@type\":\"ListItem\",\"position\":1,\"name\":\"Accueil\",\"item\":\"https:\/\/iarivo-univ.info\/ar\/\"},{\"@type\":\"ListItem\",\"position\":2,\"name\":\"\u0628\u0631\u0627\u0645\u062c \u0639\u0644\u0645\u064a\u0629\",\"item\":\"https:\/\/iarivo-univ.info\/ar\/formation\/\"},{\"@type\":\"ListItem\",\"position\":3,\"name\":\"Master en Education et Formation\"}]},{\"@type\":\"WebSite\",\"@id\":\"https:\/\/iarivo-univ.info\/ar\/#website\",\"url\":\"https:\/\/iarivo-univ.info\/ar\/\",\"name\":\"Universit\u00e9 Ouest d&#039;Iarivo\",\"description\":\"SAVOIR - FORMATION - RECHERCHE\",\"publisher\":{\"@id\":\"https:\/\/iarivo-univ.info\/ar\/#organization\"},\"potentialAction\":[{\"@type\":\"SearchAction\",\"target\":{\"@type\":\"EntryPoint\",\"urlTemplate\":\"https:\/\/iarivo-univ.info\/ar\/?s={search_term_string}\"},\"query-input\":\"required name=search_term_string\"}],\"inLanguage\":\"ar\"},{\"@type\":\"Organization\",\"@id\":\"https:\/\/iarivo-univ.info\/ar\/#organization\",\"name\":\"Universit\u00e9 Ouest d'Iarivo\",\"url\":\"https:\/\/iarivo-univ.info\/ar\/\",\"sameAs\":[\"https:\/\/www.facebook.com\/univ.uoi\"],\"logo\":{\"@type\":\"ImageObject\",\"inLanguage\":\"ar\",\"@id\":\"https:\/\/iarivo-univ.info\/ar\/#\/schema\/logo\/image\/\",\"url\":\"https:\/\/iarivo-univ.info\/wp-content\/uploads\/2024\/01\/universite-ouest-diarivo-logo.png\",\"contentUrl\":\"https:\/\/iarivo-univ.info\/wp-content\/uploads\/2024\/01\/universite-ouest-diarivo-logo.png\",\"width\":6000,\"height\":6000,\"caption\":\"Universit\u00e9 Ouest d'Iarivo\"},\"image\":{\"@id\":\"https:\/\/iarivo-univ.info\/ar\/#\/schema\/logo\/image\/\"}}]}<\/script>\n<!-- \/ Yoast SEO Premium plugin. -->","yoast_head_json":{"title":"Master en Education et Formation - UIARIVO","description":"Le Master \"\u00c9ducation et Formation\" de l'Universit\u00e9 Ouest d'Iarivo vise la formation et la professionnalisation des \u00e9tudiants ...","robots":{"index":"index","follow":"follow","max-snippet":"max-snippet:-1","max-image-preview":"max-image-preview:large","max-video-preview":"max-video-preview:-1"},"canonical":"https:\/\/iarivo-univ.info\/ar\/formation\/education-et-formation\/","og_locale":"ar_AR","og_type":"article","og_title":"Master en Education et Formation - UIARIVO","og_description":"Le Master \"Parcours \u00c9ducation et Formation\" de l'Universit\u00e9 Ouest d'Iarivo vise la formation et la professionnalisation des \u00e9tudiants ...","og_url":"https:\/\/iarivo-univ.info\/ar\/formation\/education-et-formation\/","og_site_name":"Universit\u00e9 Ouest d&#039;Iarivo","article_publisher":"https:\/\/www.facebook.com\/univ.uoi","article_modified_time":"2025-01-30T16:24:40+00:00","og_image":[{"width":940,"height":788,"url":"https:\/\/iarivo-univ.info\/wp-content\/uploads\/2023\/04\/Education-et-formation.jpeg","type":"image\/jpeg"}],"twitter_card":"summary_large_image","twitter_title":"Master en Education et Formation - UIARIVO","twitter_description":"Le Master \"Parcours \u00c9ducation et Formation\" de l'Universit\u00e9 Ouest d'Iarivo vise la formation et la professionnalisation des \u00e9tudiants ...","schema":{"@context":"https:\/\/schema.org","@graph":[{"@type":"WebPage","@id":"https:\/\/iarivo-univ.info\/ar\/formation\/education-et-formation\/","url":"https:\/\/iarivo-univ.info\/ar\/formation\/education-et-formation\/","name":"Master en Education et Formation - UIARIVO","isPartOf":{"@id":"https:\/\/iarivo-univ.info\/ar\/#website"},"datePublished":"2023-04-05T13:09:43+00:00","dateModified":"2025-01-30T16:24:40+00:00","description":"Le Master \"\u00c9ducation et Formation\" de l'Universit\u00e9 Ouest d'Iarivo vise la formation et la professionnalisation des \u00e9tudiants ...","breadcrumb":{"@id":"https:\/\/iarivo-univ.info\/ar\/formation\/education-et-formation\/#breadcrumb"},"inLanguage":"ar","potentialAction":[{"@type":"ReadAction","target":["https:\/\/iarivo-univ.info\/ar\/formation\/education-et-formation\/"]}]},{"@type":"BreadcrumbList","@id":"https:\/\/iarivo-univ.info\/ar\/formation\/education-et-formation\/#breadcrumb","itemListElement":[{"@type":"ListItem","position":1,"name":"Accueil","item":"https:\/\/iarivo-univ.info\/ar\/"},{"@type":"ListItem","position":2,"name":"\u0628\u0631\u0627\u0645\u062c \u0639\u0644\u0645\u064a\u0629","item":"https:\/\/iarivo-univ.info\/ar\/formation\/"},{"@type":"ListItem","position":3,"name":"Master en Education et Formation"}]},{"@type":"WebSite","@id":"https:\/\/iarivo-univ.info\/ar\/#website","url":"https:\/\/iarivo-univ.info\/ar\/","name":"Universit\u00e9 Ouest d&#039;Iarivo","description":"SAVOIR - FORMATION - RECHERCHE","publisher":{"@id":"https:\/\/iarivo-univ.info\/ar\/#organization"},"potentialAction":[{"@type":"SearchAction","target":{"@type":"EntryPoint","urlTemplate":"https:\/\/iarivo-univ.info\/ar\/?s={search_term_string}"},"query-input":"required name=search_term_string"}],"inLanguage":"ar"},{"@type":"Organization","@id":"https:\/\/iarivo-univ.info\/ar\/#organization","name":"Universit\u00e9 Ouest d'Iarivo","url":"https:\/\/iarivo-univ.info\/ar\/","sameAs":["https:\/\/www.facebook.com\/univ.uoi"],"logo":{"@type":"ImageObject","inLanguage":"ar","@id":"https:\/\/iarivo-univ.info\/ar\/#\/schema\/logo\/image\/","url":"https:\/\/iarivo-univ.info\/wp-content\/uploads\/2024\/01\/universite-ouest-diarivo-logo.png","contentUrl":"https:\/\/iarivo-univ.info\/wp-content\/uploads\/2024\/01\/universite-ouest-diarivo-logo.png","width":6000,"height":6000,"caption":"Universit\u00e9 Ouest d'Iarivo"},"image":{"@id":"https:\/\/iarivo-univ.info\/ar\/#\/schema\/logo\/image\/"}}]}},"ptb_metabox":{"ptb_formation_programme_formation":"<p>De nombreux programmes sont dispens\u00e9s aux \u00e9tudiants, parmi ces programmes :<\/p>\r\n<p>Ing\u00e9nierie de formation - Qualit\u00e9 educative - Developpement personnel - Ing\u00e9nierie p\u00e9dagogique - Formation continue du personnel \u00e9ducatif - Administration du personnel scolaire - Encadrement \u00e9ducatif - Education \u00e0 la paix -R\u00e9formes \u00e9ducatives - Planification de projet \u00e9ducatif - Communication - Psychologie de l'\u00e9ducation - Sociologie des organisations - M\u00e9thodologie de recherche - Conception et Animation - Conception p\u00e9dagogique - Informatique bureautique - Techniques de prise des Notes - Anglais- Anglais des affaires ...etc.<\/p>\r\n<p>&nbsp;<\/p>","ptb_formation_debouches":"<div id=\"c15\" class=\"frame frame-default frame-type-ul2fpfb_mesonglets frame-layout-0\">\r\n<div id=\"tab-15\" class=\"ulcof__tabs\" role=\"tabpanel\">\r\n<div id=\"myTabContent\" class=\"tab-content ulcof__tabs__content\">\r\n<div id=\"etApres\" class=\"tab-pane fade active show\" role=\"tabpanel\" aria-labelledby=\"etApres\">\r\n<p>La formation en \u201cEducation et Formation \u201d permet de vous former \u00e0 diff\u00e9rents m\u00e9tiers ou d\u2019occuper des fonctions sp\u00e9cifiques au sein de vos activit\u00e9s professionnelles, \u00e0 savoir :<\/p>\r\n<ul>\r\n<li>Education nationale et autres minist\u00e8res concern\u00e9s par les pratiques \u00e9ducatives et les pratiques de conseil en orientation et formation<\/li>\r\n<li>Enseignement priv\u00e9<\/li>\r\n<li>Organismes de formation d\u2019adultes<\/li>\r\n<li>Collectivit\u00e9s territoriales<\/li>\r\n<li>Cabinets priv\u00e9s d\u2019\u00e9tudes et de conseils<\/li>\r\n<li>Services RH des entreprises ou des structures publiques<\/li>\r\n<li>Secteur socio-\u00e9ducatif<\/li>\r\n<li>Institutions publiques ou priv\u00e9es charg\u00e9es de pr\u00e9vention non m\u00e9dicalis\u00e9e<\/li>\r\n<li>Mutualit\u00e9s<\/li>\r\n<li>Instituts de formation et de travail social<\/li>\r\n<li>Associations et ONGs<\/li>\r\n<li>Centres de m\u00e9diation culturelle<\/li>\r\n<li>Organismes d\u00e9di\u00e9s aux technologies de l\u2019Information et de la Communication, aux projets e-learning (conception et formation)<\/li>\r\n<li>Organismes de recherche ...etc.<\/li>\r\n<\/ul>\r\n<\/div>\r\n<\/div>\r\n<\/div>\r\n<\/div>","ptb_formation_heures":"Master I (8-10 Mois) - Master II (8-10 Mois)","ptb_formation_langues":["formation_langues_3"],"ptb_formation_niveaux":["formation_niveaux_6","formation_niveaux_7"],"ptb_formation_attribution_finale":"Dipl\u00f4me de Ma\u00eetrise (BAC+4)\r\nDipl\u00f4me de Master (BAC+5)","ptb_formation_s_inscrire":["S'inscrire","https:\/\/iarivo-univ.info\/pre-inscription\/"],"ptb_formation_evaluation":"0"},"ptb_taxonomy":{"domaine":[{"term_id":55,"name":"Education","slug":"education","term_group":0,"term_taxonomy_id":55,"taxonomy":"domaine","description":"","parent":0,"count":18,"filter":"raw"},{"term_id":85,"name":"Formation","slug":"formation","term_group":0,"term_taxonomy_id":85,"taxonomy":"domaine","description":"","parent":0,"count":5,"filter":"raw"}]},"ptb_featured_image":{"url":"https:\/\/iarivo-univ.info\/wp-content\/uploads\/2023\/04\/Education-et-formation.jpeg","title":"Education et formation","caption":""},"builder_content":"","_links":{"self":[{"href":"https:\/\/iarivo-univ.info\/ar\/wp-json\/wp\/v2\/formation\/8893"}],"collection":[{"href":"https:\/\/iarivo-univ.info\/ar\/wp-json\/wp\/v2\/formation"}],"about":[{"href":"https:\/\/iarivo-univ.info\/ar\/wp-json\/wp\/v2\/types\/formation"}],"version-history":[{"count":7,"href":"https:\/\/iarivo-univ.info\/ar\/wp-json\/wp\/v2\/formation\/8893\/revisions"}],"predecessor-version":[{"id":10279,"href":"https:\/\/iarivo-univ.info\/ar\/wp-json\/wp\/v2\/formation\/8893\/revisions\/10279"}],"wp:featuredmedia":[{"embeddable":true,"href":"https:\/\/iarivo-univ.info\/ar\/wp-json\/wp\/v2\/media\/8899"}],"wp:attachment":[{"href":"https:\/\/iarivo-univ.info\/ar\/wp-json\/wp\/v2\/media?parent=8893"}],"wp:term":[{"taxonomy":"domaine","embeddable":true,"href":"https:\/\/iarivo-univ.info\/ar\/wp-json\/wp\/v2\/domaine?post=8893"}],"curies":[{"name":"wp","href":"https:\/\/api.w.org\/{rel}","templated":true}]}}