{"id":8980,"date":"2023-05-05T17:23:07","date_gmt":"2023-05-05T14:23:07","guid":{"rendered":"https:\/\/iarivo-univ.info\/?post_type=formation&#038;p=8980"},"modified":"2025-01-30T19:23:36","modified_gmt":"2025-01-30T16:23:36","slug":"master-administration-et-politiques-de-education","status":"publish","type":"formation","link":"https:\/\/iarivo-univ.info\/ar\/formation\/master-administration-et-politiques-de-education\/","title":{"rendered":"Master en Administration et politiques de l&#8217;\u00e9ducation"},"content":{"rendered":"<h4><strong>DESCRIPTION DE LA FORMATION<\/strong><\/h4>\n<p>La formation pluridisciplinaire de pointe en administration et politiques de\u00a0l&#8217;\u00e9ducation vous permettra de relever les d\u00e9fis li\u00e9s \u00e0 ce champ d&#8217;\u00e9tudes. Vous acquerrez des connaissances et des comp\u00e9tences associ\u00e9es \u00e0 la gestion des organisations, des syst\u00e8mes \u00e9ducatifs, des processus, des professionnels, et aux fondements sociaux et politiques de l&#8217;\u00e9ducation en tenant compte des contextes et des normes scientifiques et de pratique en vigueur dans le champ de sp\u00e9cialisation. \u00a0<\/p>\n<p>Ce <strong>Master en administration et politiques de l&#8217;\u00e9ducation<\/strong> approfondit et compl\u00e8te les notions couvertes en administration et politiques de l&#8217;\u00e9ducation dans les programmes en sciences de l&#8217;\u00e9ducation, mais aussi dans les programmes connexes des sciences humaines et sociales (sociologie, sciences politiques, administration). Les fondements de l&#8217;\u00e9ducation (analyse et \u00e9valuation des politiques en \u00e9ducation, des r\u00e9formes et des syst\u00e8mes \u00e9ducatifs, \u00e9conomie de l&#8217;\u00e9ducation, sociologie de l&#8217;\u00e9ducation), la planification et la gestion en \u00e9ducation font partie des sujets abord\u00e9s.<\/p>\n<p>Les \u00e9tudiantes et \u00e9tudiants proviennent d&#8217;horizons intellectuels vari\u00e9s, s&#8217;int\u00e9ressent \u00e0 des sujets divers, souvent interdisciplinaires, et se dirigent vers des domaines de travail d&#8217;une \u00e9tonnante diversit\u00e9.\u00a0<\/p>\n<p>La formation en <strong>administration et politiques de l&#8217;\u00e9ducation<\/strong> est offerte \u00e9galement par Internet sur le <strong><a href=\"https:\/\/elearning1.iarivo-univ.info\/\">Campus E-learning Iarivo.<\/a><\/strong><\/p>\n<p>Ce programme s&#8217;adresse \u00e0 la personne titulaire d&#8217;un dipl\u00f4me de premier cycle (Licence) en \u00e9ducation, ou dans une discipline connexe des sciences humaines et sociales (sociologie, sciences politiques, administration, gestion). Il s&#8217;adresse aussi \u00e0 la personne sur le march\u00e9 du travail dans une organisation d&#8217;enseignement.<\/p>\n<div>\n<h4><strong>ORIENTATION DE LA FORMATION<\/strong><\/h4>\n<p>La formation en administration et politiques de l&#8217;\u00e9ducation de l&#8217;<strong><a href=\"https:\/\/iarivo-univ.info\/\">Universit\u00e9 Ouest d&#8217;Iarivo<\/a><\/strong> permet de r\u00e9pondre \u00e0 la demande croissante de sp\u00e9cialistes et de gestionnaires de l&#8217;\u00e9ducation. Elle leur permet aussi de poser une r\u00e9flexion critique en regard des diverses r\u00e9alit\u00e9s et d&#8217;objectifs vis\u00e9s. Elle permet \u00e0 un nombre \u00e9lev\u00e9 des \u00e9tudiants provenant d&#8217;horizons intellectuels vari\u00e9s d&#8217;acqu\u00e9rir des connaissances et des comp\u00e9tences associ\u00e9es \u00e0 la gestion des organisations, des syst\u00e8mes \u00e9ducatifs, des processus, des professionnels, et aux fondements sociaux et politiques de l&#8217;\u00e9ducation en tenant compte des contextes et des normes scientifiques et de pratique en vigueur dans le champ de sp\u00e9cialisation.\u00a0\u00a0<\/p>\n<\/div>\n<div>\n<h4><strong>OBJECTIFS DE LA FORMATION<\/strong><\/h4>\n<p>Au terme de ses \u00e9tudes, l&#8217;\u00e9tudiant pourra :<\/p>\n<ul>\n<li>Comprendre les fondements du domaine d&#8217;\u00e9tudes\u00a0dans une perspective interdisciplinaire et analyser une probl\u00e9matique en s&#8217;appuyant sur des fondements th\u00e9oriques.\u00a0<\/li>\n<li>Utiliser une d\u00e9marche rigoureuse dans un processus de r\u00e9solution de probl\u00e8me et en saisir les enjeux \u00e9thiques et humains pr\u00e9sents dans ces champs disciplinaires.<\/li>\n<li>Adopter une perspective critique des pratiques et des connaissances afin de proposer des pistes de solution et d&#8217;actualiser, de fa\u00e7on autonome, ses comp\u00e9tences dans son champ d&#8217;activit\u00e9 afin de poursuivre son propre d\u00e9veloppement professionnel.<\/li>\n<li>Appliquer et promouvoir des principes de gestion d\u00e9mocratique des syst\u00e8mes, des \u00e9tablissements et des politiques de l&#8217;\u00e9ducation de m\u00eame que le d\u00e9veloppement d&#8217;une vision institutionnelle qui tient compte du contexte social, historique, \u00e9conomique et culturel du milieu.<\/li>\n<li>Pr\u00e9senter oralement et par \u00e9crit, \u00e0 des auditoires professionnels, un sujet li\u00e9\u00a0au domaine d&#8217;\u00e9tudes.<\/li>\n<li>Travailler en collaboration avec des professionnels qui poss\u00e8dent un champ d&#8217;expertise diff\u00e9rent du sien afin de contribuer aux processus de changement et d&#8217;innovation en \u00e9ducation en adoptant une posture r\u00e9flexive et \u00e9thique.<\/li>\n<\/ul>\n<h4><strong>ADMISIBILITE<\/strong><\/h4>\n<ul>\n<li>Titulaire d\u2019un dipl\u00f4me de Licence (Bachelor) ou d\u2019un titre certifi\u00e9 de BAC+3 en Sciences de l\u2019Education, Sciences de la Soci\u00e9t\u00e9 pour s\u2019inscrire en Master I<\/li>\n<li>Titulaire d\u2019un dipl\u00f4me de Ma\u00eetrise (Master I) ou d\u2019un titre certifi\u00e9 de BAC+4 en Sciences de l\u2019Education pour s\u2019inscrire en Master II<\/li>\n<\/ul>\n<h4><strong>VALIDATION DU PARCOURS<\/strong><\/h4>\n<p>Le Master en administration et politiques de l&#8217;\u00e9ducation permet d\u2019obtenir :<\/p>\n<ul>\n<li>Le dipl\u00f4me de Ma\u00eetrise professionnelle (BAC+4) en Sciences de l\u2019Education \u2013 Parcours sp\u00e9cialisant en administration et politiques de l&#8217;\u00e9ducation<\/li>\n<li>Le dipl\u00f4me de Master professionnel (BAC+5) en Sciences de l\u2019Education \u2013 Parcours sp\u00e9cialisant en administration et politiques de l&#8217;\u00e9ducation<\/li>\n<\/ul>\n<h4><strong>POURSUITE D\u2019\u00c9TUDES<\/strong><\/h4>\n<p>Pour les \u00e9tudiants ayant le d\u00e9sir de poursuivre leurs \u00e9tudes, nous recommandons :<\/p>\n<ul>\n<li>Formation de Doctorat professionnel en Sciences de l\u2019Education<\/li>\n<\/ul>\n<\/div>\n<!--themify_builder_content-->\n<div id=\"themify_builder_content-8980\" data-postid=\"8980\" class=\"themify_builder_content themify_builder_content-8980 themify_builder tf_clear\">\n    <\/div>\n<!--\/themify_builder_content--><div class=\"ptb-search-container\" style=\"display: none;\"><\/div>","protected":false},"excerpt":{"rendered":"<p>DESCRIPTION DE LA FORMATION La formation pluridisciplinaire de pointe en administration et politiques de\u00a0l&#8217;\u00e9ducation vous permettra de relever les d\u00e9fis li\u00e9s \u00e0 ce champ d&#8217;\u00e9tudes. Vous acquerrez des connaissances et des comp\u00e9tences associ\u00e9es \u00e0 la gestion des organisations, des syst\u00e8mes \u00e9ducatifs, des processus, des professionnels, et aux fondements sociaux et politiques de l&#8217;\u00e9ducation en tenant [&hellip;]<\/p>\n","protected":false},"featured_media":8988,"menu_order":0,"template":"","domaine":[55,54],"yoast_head":"<!-- This site is optimized with the Yoast SEO Premium plugin v19.3 (Yoast SEO v19.7.2) - https:\/\/yoast.com\/wordpress\/plugins\/seo\/ -->\n<title>Master en administration et politiques de l&#039;\u00e9ducation - UIARIVO<\/title>\n<meta name=\"description\" content=\"Le master en administration et politiques de l&#039;\u00e9ducation vous permet acqu\u00e9rir des connaissances et des comp\u00e9tences associ\u00e9es \u00e0 la gestion...\" \/>\n<meta name=\"robots\" content=\"index, follow, max-snippet:-1, max-image-preview:large, max-video-preview:-1\" \/>\n<link rel=\"canonical\" href=\"https:\/\/iarivo-univ.info\/ar\/formation\/master-administration-et-politiques-de-education\/\" \/>\n<meta property=\"og:locale\" content=\"ar_AR\" \/>\n<meta property=\"og:type\" content=\"article\" \/>\n<meta property=\"og:title\" content=\"Master en administration et politiques de l&#039;\u00e9ducation - UIARIVO\" \/>\n<meta property=\"og:description\" content=\"Le master en administration et politiques de l&#039;\u00e9ducation vous permet acqu\u00e9rir des connaissances et des comp\u00e9tences associ\u00e9es \u00e0 la gestion...\" \/>\n<meta property=\"og:url\" content=\"https:\/\/iarivo-univ.info\/ar\/formation\/master-administration-et-politiques-de-education\/\" \/>\n<meta property=\"og:site_name\" content=\"Universit\u00e9 Ouest d&#039;Iarivo\" \/>\n<meta property=\"article:publisher\" content=\"https:\/\/www.facebook.com\/univ.uoi\" \/>\n<meta property=\"article:modified_time\" content=\"2025-01-30T16:23:36+00:00\" \/>\n<meta property=\"og:image\" content=\"https:\/\/iarivo-univ.info\/wp-content\/uploads\/2023\/05\/Administration-et-politiques-de-leducation.jpeg\" \/>\n\t<meta property=\"og:image:width\" content=\"940\" \/>\n\t<meta property=\"og:image:height\" content=\"788\" \/>\n\t<meta property=\"og:image:type\" content=\"image\/jpeg\" \/>\n<meta name=\"twitter:card\" content=\"summary_large_image\" \/>\n<meta name=\"twitter:title\" content=\"Master en administration et politiques de l&#039;\u00e9ducation - UIARIVO\" \/>\n<meta name=\"twitter:description\" content=\"Le master en administration et politiques de l&#039;\u00e9ducation vous permet acqu\u00e9rir des connaissances et des comp\u00e9tences associ\u00e9es \u00e0 la gestion...\" \/>\n<script type=\"application\/ld+json\" class=\"yoast-schema-graph\">{\"@context\":\"https:\/\/schema.org\",\"@graph\":[{\"@type\":\"WebPage\",\"@id\":\"https:\/\/iarivo-univ.info\/ar\/formation\/master-administration-et-politiques-de-education\/\",\"url\":\"https:\/\/iarivo-univ.info\/ar\/formation\/master-administration-et-politiques-de-education\/\",\"name\":\"Master en administration et politiques de l'\u00e9ducation - UIARIVO\",\"isPartOf\":{\"@id\":\"https:\/\/iarivo-univ.info\/ar\/#website\"},\"datePublished\":\"2023-05-05T14:23:07+00:00\",\"dateModified\":\"2025-01-30T16:23:36+00:00\",\"description\":\"Le master en administration et politiques de l'\u00e9ducation vous permet acqu\u00e9rir des connaissances et des comp\u00e9tences associ\u00e9es \u00e0 la gestion...\",\"breadcrumb\":{\"@id\":\"https:\/\/iarivo-univ.info\/ar\/formation\/master-administration-et-politiques-de-education\/#breadcrumb\"},\"inLanguage\":\"ar\",\"potentialAction\":[{\"@type\":\"ReadAction\",\"target\":[\"https:\/\/iarivo-univ.info\/ar\/formation\/master-administration-et-politiques-de-education\/\"]}]},{\"@type\":\"BreadcrumbList\",\"@id\":\"https:\/\/iarivo-univ.info\/ar\/formation\/master-administration-et-politiques-de-education\/#breadcrumb\",\"itemListElement\":[{\"@type\":\"ListItem\",\"position\":1,\"name\":\"Accueil\",\"item\":\"https:\/\/iarivo-univ.info\/ar\/\"},{\"@type\":\"ListItem\",\"position\":2,\"name\":\"\u0628\u0631\u0627\u0645\u062c \u0639\u0644\u0645\u064a\u0629\",\"item\":\"https:\/\/iarivo-univ.info\/ar\/formation\/\"},{\"@type\":\"ListItem\",\"position\":3,\"name\":\"Master en Administration et politiques de l&#8217;\u00e9ducation\"}]},{\"@type\":\"WebSite\",\"@id\":\"https:\/\/iarivo-univ.info\/ar\/#website\",\"url\":\"https:\/\/iarivo-univ.info\/ar\/\",\"name\":\"Universit\u00e9 Ouest d&#039;Iarivo\",\"description\":\"SAVOIR - FORMATION - RECHERCHE\",\"publisher\":{\"@id\":\"https:\/\/iarivo-univ.info\/ar\/#organization\"},\"potentialAction\":[{\"@type\":\"SearchAction\",\"target\":{\"@type\":\"EntryPoint\",\"urlTemplate\":\"https:\/\/iarivo-univ.info\/ar\/?s={search_term_string}\"},\"query-input\":\"required name=search_term_string\"}],\"inLanguage\":\"ar\"},{\"@type\":\"Organization\",\"@id\":\"https:\/\/iarivo-univ.info\/ar\/#organization\",\"name\":\"Universit\u00e9 Ouest d'Iarivo\",\"url\":\"https:\/\/iarivo-univ.info\/ar\/\",\"sameAs\":[\"https:\/\/www.facebook.com\/univ.uoi\"],\"logo\":{\"@type\":\"ImageObject\",\"inLanguage\":\"ar\",\"@id\":\"https:\/\/iarivo-univ.info\/ar\/#\/schema\/logo\/image\/\",\"url\":\"https:\/\/iarivo-univ.info\/wp-content\/uploads\/2024\/01\/universite-ouest-diarivo-logo.png\",\"contentUrl\":\"https:\/\/iarivo-univ.info\/wp-content\/uploads\/2024\/01\/universite-ouest-diarivo-logo.png\",\"width\":6000,\"height\":6000,\"caption\":\"Universit\u00e9 Ouest d'Iarivo\"},\"image\":{\"@id\":\"https:\/\/iarivo-univ.info\/ar\/#\/schema\/logo\/image\/\"}}]}<\/script>\n<!-- \/ Yoast SEO Premium plugin. -->","yoast_head_json":{"title":"Master en administration et politiques de l'\u00e9ducation - UIARIVO","description":"Le master en administration et politiques de l'\u00e9ducation vous permet acqu\u00e9rir des connaissances et des comp\u00e9tences associ\u00e9es \u00e0 la gestion...","robots":{"index":"index","follow":"follow","max-snippet":"max-snippet:-1","max-image-preview":"max-image-preview:large","max-video-preview":"max-video-preview:-1"},"canonical":"https:\/\/iarivo-univ.info\/ar\/formation\/master-administration-et-politiques-de-education\/","og_locale":"ar_AR","og_type":"article","og_title":"Master en administration et politiques de l'\u00e9ducation - UIARIVO","og_description":"Le master en administration et politiques de l'\u00e9ducation vous permet acqu\u00e9rir des connaissances et des comp\u00e9tences associ\u00e9es \u00e0 la gestion...","og_url":"https:\/\/iarivo-univ.info\/ar\/formation\/master-administration-et-politiques-de-education\/","og_site_name":"Universit\u00e9 Ouest d&#039;Iarivo","article_publisher":"https:\/\/www.facebook.com\/univ.uoi","article_modified_time":"2025-01-30T16:23:36+00:00","og_image":[{"width":940,"height":788,"url":"https:\/\/iarivo-univ.info\/wp-content\/uploads\/2023\/05\/Administration-et-politiques-de-leducation.jpeg","type":"image\/jpeg"}],"twitter_card":"summary_large_image","twitter_title":"Master en administration et politiques de l'\u00e9ducation - UIARIVO","twitter_description":"Le master en administration et politiques de l'\u00e9ducation vous permet acqu\u00e9rir des connaissances et des comp\u00e9tences associ\u00e9es \u00e0 la gestion...","schema":{"@context":"https:\/\/schema.org","@graph":[{"@type":"WebPage","@id":"https:\/\/iarivo-univ.info\/ar\/formation\/master-administration-et-politiques-de-education\/","url":"https:\/\/iarivo-univ.info\/ar\/formation\/master-administration-et-politiques-de-education\/","name":"Master en administration et politiques de l'\u00e9ducation - UIARIVO","isPartOf":{"@id":"https:\/\/iarivo-univ.info\/ar\/#website"},"datePublished":"2023-05-05T14:23:07+00:00","dateModified":"2025-01-30T16:23:36+00:00","description":"Le master en administration et politiques de l'\u00e9ducation vous permet acqu\u00e9rir des connaissances et des comp\u00e9tences associ\u00e9es \u00e0 la gestion...","breadcrumb":{"@id":"https:\/\/iarivo-univ.info\/ar\/formation\/master-administration-et-politiques-de-education\/#breadcrumb"},"inLanguage":"ar","potentialAction":[{"@type":"ReadAction","target":["https:\/\/iarivo-univ.info\/ar\/formation\/master-administration-et-politiques-de-education\/"]}]},{"@type":"BreadcrumbList","@id":"https:\/\/iarivo-univ.info\/ar\/formation\/master-administration-et-politiques-de-education\/#breadcrumb","itemListElement":[{"@type":"ListItem","position":1,"name":"Accueil","item":"https:\/\/iarivo-univ.info\/ar\/"},{"@type":"ListItem","position":2,"name":"\u0628\u0631\u0627\u0645\u062c \u0639\u0644\u0645\u064a\u0629","item":"https:\/\/iarivo-univ.info\/ar\/formation\/"},{"@type":"ListItem","position":3,"name":"Master en Administration et politiques de l&#8217;\u00e9ducation"}]},{"@type":"WebSite","@id":"https:\/\/iarivo-univ.info\/ar\/#website","url":"https:\/\/iarivo-univ.info\/ar\/","name":"Universit\u00e9 Ouest d&#039;Iarivo","description":"SAVOIR - FORMATION - RECHERCHE","publisher":{"@id":"https:\/\/iarivo-univ.info\/ar\/#organization"},"potentialAction":[{"@type":"SearchAction","target":{"@type":"EntryPoint","urlTemplate":"https:\/\/iarivo-univ.info\/ar\/?s={search_term_string}"},"query-input":"required name=search_term_string"}],"inLanguage":"ar"},{"@type":"Organization","@id":"https:\/\/iarivo-univ.info\/ar\/#organization","name":"Universit\u00e9 Ouest d'Iarivo","url":"https:\/\/iarivo-univ.info\/ar\/","sameAs":["https:\/\/www.facebook.com\/univ.uoi"],"logo":{"@type":"ImageObject","inLanguage":"ar","@id":"https:\/\/iarivo-univ.info\/ar\/#\/schema\/logo\/image\/","url":"https:\/\/iarivo-univ.info\/wp-content\/uploads\/2024\/01\/universite-ouest-diarivo-logo.png","contentUrl":"https:\/\/iarivo-univ.info\/wp-content\/uploads\/2024\/01\/universite-ouest-diarivo-logo.png","width":6000,"height":6000,"caption":"Universit\u00e9 Ouest d'Iarivo"},"image":{"@id":"https:\/\/iarivo-univ.info\/ar\/#\/schema\/logo\/image\/"}}]}},"ptb_metabox":{"ptb_formation_programme_formation":"<div class=\"module module-text tb_nmgf229\">\r\n<div class=\"tb_text_wrap\">\r\n<p>De nombreux programmes sont dispens\u00e9s aux \u00e9tudiants, parmi ces programmes :<\/p>\r\n<p>Administration du personnel scolaire \u2013 Gestion des comp\u00e9tences \u2013 Introduction \u00e0 la recherche en \u00e9ducation \u2013 Politique en \u00e9ducation \u2013 Gestion des ressources humaines \u2013 Ing\u00e9nierie de formation \u2013 Qualit\u00e9 educative \u2013 Ing\u00e9nierie p\u00e9dagogique \u2013 Analyse de mod\u00e8les d'\u00e9tablissements scolaires - Violences \u00e0 l'\u00e9cole - Formation continue du personnel \u00e9ducatif \u2013 Encadrement \u00e9ducatif \u2013 Education \u00e0 la paix - R\u00e9formes \u00e9ducatives \u2013 Planification de projet \u00e9ducatif \u2013 Communication \u2013 Psychologie de l\u2019\u00e9ducation \u2013 Sociologie des organisations \u2013 Sociologie de l'Education - Strat\u00e9gie de changement - Administration scolaire - M\u00e9thodologie de recherche \u2013 Informatique bureautique \u2013 Techniques de prise des Notes \u2013 Anglais \u2026etc.<\/p>\r\n<\/div>\r\n<\/div>","ptb_formation_debouches":"<p>Cette formation pr\u00e9pare \u00e0 occuper un emploi comme gestionnaire, professionnel et conseiller dans diff\u00e9rents services pr\u00e9sents dans les organisations d'enseignement, les organismes gouvernementaux et sociaux. Le personnel de direction et d'encadrement \u2013 par exemple les directeurs, les adjoints, les coordonnateurs, les agents administratifs et les conseillers \u2013 en poste dans des \u00e9tablissements d'enseignement (primaire, secondaire, coll\u00e9gial et universitaire) y trouve une excellente fa\u00e7on de se perfectionner pour r\u00e9aliser ses diff\u00e9rents mandats et responsabilit\u00e9s.<\/p>","ptb_formation_heures":"Master I (8-10 Mois) - Master II (8-10 Mois)","ptb_formation_langues":["formation_langues_3"],"ptb_formation_niveaux":["formation_niveaux_6","formation_niveaux_7"],"ptb_formation_attribution_finale":"Dipl\u00f4me de Ma\u00eetrise (BAC+4)\r\nDipl\u00f4me de Master (BAC+5)","ptb_formation_s_inscrire":["S'inscrire","https:\/\/iarivo-univ.info\/pre-inscription\/"],"ptb_formation_evaluation":"0"},"ptb_taxonomy":{"domaine":[{"term_id":55,"name":"Education","slug":"education","term_group":0,"term_taxonomy_id":55,"taxonomy":"domaine","description":"","parent":0,"count":18,"filter":"raw"},{"term_id":54,"name":"Gestion","slug":"gestion","term_group":0,"term_taxonomy_id":54,"taxonomy":"domaine","description":"","parent":0,"count":17,"filter":"raw"}]},"ptb_featured_image":{"url":"https:\/\/iarivo-univ.info\/wp-content\/uploads\/2023\/05\/Administration-et-politiques-de-leducation.jpeg","title":"Administration et politiques de l'\u00e9ducation","caption":""},"builder_content":"","_links":{"self":[{"href":"https:\/\/iarivo-univ.info\/ar\/wp-json\/wp\/v2\/formation\/8980"}],"collection":[{"href":"https:\/\/iarivo-univ.info\/ar\/wp-json\/wp\/v2\/formation"}],"about":[{"href":"https:\/\/iarivo-univ.info\/ar\/wp-json\/wp\/v2\/types\/formation"}],"version-history":[{"count":6,"href":"https:\/\/iarivo-univ.info\/ar\/wp-json\/wp\/v2\/formation\/8980\/revisions"}],"predecessor-version":[{"id":10276,"href":"https:\/\/iarivo-univ.info\/ar\/wp-json\/wp\/v2\/formation\/8980\/revisions\/10276"}],"wp:featuredmedia":[{"embeddable":true,"href":"https:\/\/iarivo-univ.info\/ar\/wp-json\/wp\/v2\/media\/8988"}],"wp:attachment":[{"href":"https:\/\/iarivo-univ.info\/ar\/wp-json\/wp\/v2\/media?parent=8980"}],"wp:term":[{"taxonomy":"domaine","embeddable":true,"href":"https:\/\/iarivo-univ.info\/ar\/wp-json\/wp\/v2\/domaine?post=8980"}],"curies":[{"name":"wp","href":"https:\/\/api.w.org\/{rel}","templated":true}]}}